{"id":1288,"date":"2021-09-23T11:08:59","date_gmt":"2021-09-23T09:08:59","guid":{"rendered":"https:\/\/www.studiomedicofanton.it\/?page_id=1288"},"modified":"2022-05-16T16:52:27","modified_gmt":"2022-05-16T14:52:27","slug":"ambulatorio-pediatrico","status":"publish","type":"page","link":"https:\/\/www.studiomedicofanton.it\/it\/i-nostri-servizi\/ambulatorio-pediatrico\/","title":{"rendered":"Ambulatorio Pediatrico"},"content":{"rendered":"<div id=\"pl-1288\"  class=\"panel-layout\" ><div id=\"pg-1288-0\"  class=\"panel-grid panel-no-style\" ><div id=\"pgc-1288-0-0\"  class=\"panel-grid-cell\" ><div id=\"panel-1288-0-0-0\" class=\"widget_text so-panel widget widget_custom_html panel-first-child panel-last-child\" data-index=\"0\" ><div class=\"textwidget custom-html-widget\"><div class=\"pag-servizio-wrapper\">\n\t<h1 class=\"pag-servizio-title\">\n\t\tIl benessere visivo dei bambini\n<\/h1>\n<\/div>\n<hr class=\"pag-servizio-title-line\"\/><\/div><\/div><\/div><\/div><div id=\"pg-1288-1\"  class=\"panel-grid panel-no-style\" ><div id=\"pgc-1288-1-0\"  class=\"panel-grid-cell\" ><div id=\"panel-1288-1-0-0\" class=\"widget_text so-panel widget widget_custom_html panel-first-child panel-last-child\" data-index=\"1\" ><div class=\"textwidget custom-html-widget\"><div class=\"pag-servizio-wrapper\">\n\t<h2 class=\"pag-servizio-subtitile\">\n\t\tLo sviluppo visivo del bambino\n\t<\/h2>\n<\/div><\/div><\/div><\/div><\/div><div id=\"pg-1288-2\"  class=\"panel-grid panel-no-style\" ><div id=\"pgc-1288-2-0\"  class=\"panel-grid-cell\" ><div id=\"panel-1288-2-0-0\" class=\"widget_text so-panel widget widget_custom_html panel-first-child panel-last-child\" data-index=\"2\" ><div class=\"textwidget custom-html-widget\"><div class=\"pag-servizio-wrapper\">\n\t<p class=\"pag-servizio-text justify\">\n\t\tDal momento della nascita il neonato \u00e8 in grado di captare tutti gli stimoli visivi provenienti dall'ambiente circostante ma non \u00e8 in grado di elaborarli. Il bambino vede luci e forme ma non pu\u00f2 attribuirli a cose, persone o ambienti. <br \/>\nDopo 10-12 settimane distingue il viso umano da altre immagini che possano assomigliargli: vede gli occhi, il naso, la bocca, e riconosce i sorrisi, le smorfie e i movimenti delle labbra. \n\t<\/p>\n<\/div><\/div><\/div><\/div><div id=\"pgc-1288-2-1\"  class=\"panel-grid-cell\" ><div id=\"panel-1288-2-1-0\" class=\"widget_text so-panel widget widget_custom_html panel-first-child panel-last-child\" data-index=\"3\" ><div class=\"textwidget custom-html-widget\"><img loading=\"lazy\" decoding=\"async\" class=\"alignnone size-large wp-image-1208 aligncenter\" src=\"https:\/\/www.studiomedicofanton.it\/wp-content\/uploads\/2021\/09\/ambulatorio-pediatrico-2.jpg\" alt=\"\" width=\"300\" height=\"201\" \/><\/div><\/div><\/div><\/div><div id=\"pg-1288-3\"  class=\"panel-grid panel-no-style\" ><div id=\"pgc-1288-3-0\"  class=\"panel-grid-cell\" ><div id=\"panel-1288-3-0-0\" class=\"widget_text so-panel widget widget_custom_html panel-first-child panel-last-child\" data-index=\"4\" ><div class=\"textwidget custom-html-widget\"><div class=\"pag-servizio-wrapper\">\n\t<p class=\"pag-servizio-text justify\">\n\t\tTra il terzo e il quarto mese all'incirca, si perfeziona la visione binoculare che consiste nella capacit\u00e0 del bambino di utilizzare entrambi gli occhi contemporaneamente. <br \/>\n\t\tVerso i dieci mesi acquisisce la visione tridimensionale, cio\u00e8 il senso della profondit\u00e0 delle immagini. Tra il primo e il secondo anno riesce a mettere a fuoco gli oggetti a qualsiasi distanza. Attorno ai due anni inizia ad appaiare colori e forme, ad esplorare visivamente oggetti distanti, a disegnare rudimentali cerchi. <br \/>\n\t\tTra i quattro e i sei anni il suo apparato visivo funziona in modo pienamente efficiente. \n\t<\/p>\n<\/div><\/div><\/div><\/div><\/div><div id=\"pg-1288-4\"  class=\"panel-grid panel-has-style\" ><div class=\"section-wrapper panel-row-style panel-row-style-for-1288-4\" ><div id=\"pgc-1288-4-0\"  class=\"panel-grid-cell\" ><div id=\"panel-1288-4-0-0\" class=\"widget_text so-panel widget widget_custom_html panel-first-child panel-last-child\" data-index=\"5\" ><div class=\"textwidget custom-html-widget\"><div class=\"pag-servizio-wrapper\">\n\t<h2 class=\"pag-servizio-subtitile section-wrapper-title\" style=\"margin-bottom:30px !important;\">\n\t\tQUALI PROBLEMI POSSONO INSORGERE CON LA SCUOLA? \n\t<\/h2>\n\t<p class=\"pag-servizio-text\">\n\t\tIl processo di apprendimento pu\u00f2 essere condizionato dal manifestarsi di ametropie (condizioni in cui l'immagine di un oggetto non va a fuoco sulla retina) quali: \n\t<\/p>\n<\/div><\/div><\/div><\/div><\/div><\/div><div id=\"pg-1288-5\"  class=\"panel-grid panel-has-style\" ><div class=\"section-wrapper panel-row-style panel-row-style-for-1288-5\" ><div id=\"pgc-1288-5-0\"  class=\"panel-grid-cell\" ><div id=\"panel-1288-5-0-0\" class=\"widget_text so-panel widget widget_custom_html panel-first-child panel-last-child\" data-index=\"6\" ><div class=\"textwidget custom-html-widget\"><div class=\"pag-servizio-wrapper\">\n\t<ul class=\"pag-servizio-text\">\n\t\t<li>L'ipermetropia che rende difficile la lettura e pu\u00f2 causare problemi di apprendimento per l'eccessivo impegno visivo che richiede.<\/li>\n\t<\/ul>\n<\/div><\/div><\/div><\/div><div id=\"pgc-1288-5-1\"  class=\"panel-grid-cell\" ><div id=\"panel-1288-5-1-0\" class=\"widget_text so-panel widget widget_custom_html panel-first-child panel-last-child\" data-index=\"7\" ><div class=\"textwidget custom-html-widget\"><div class=\"pag-servizio-wrapper\">\n\t<ul class=\"pag-servizio-text\">\n\t\t<li>L'astigmatismo che fa offuscare le lettere, pu\u00f2 procurare disagi nell'apprendimento anche se la visione si mantiene buona.<\/li>\n\t<\/ul>\n<\/div><\/div><\/div><\/div><div id=\"pgc-1288-5-2\"  class=\"panel-grid-cell\" ><div id=\"panel-1288-5-2-0\" class=\"widget_text so-panel widget widget_custom_html panel-first-child panel-last-child\" data-index=\"8\" ><div class=\"textwidget custom-html-widget\"><div class=\"pag-servizio-wrapper\">\n\t<ul class=\"pag-servizio-text\">\n\t\t<li>La miopia che fa vedere male da lontano e quindi la lavagna \u00e8 difficile da leggere.<\/li>\n\t<\/ul>\n<\/div><\/div><\/div><\/div><\/div><\/div><div id=\"pg-1288-6\"  class=\"panel-grid panel-no-style\" ><div id=\"pgc-1288-6-0\"  class=\"panel-grid-cell\" ><div id=\"panel-1288-6-0-0\" class=\"widget_text so-panel widget widget_custom_html panel-first-child panel-last-child\" data-index=\"9\" ><div class=\"textwidget custom-html-widget\"><div class=\"pag-servizio-wrapper\">\n\t<h2 class=\"pag-servizio-subtitile\">\n\t\tQuando effettuare i controlli oculistici preventivi?\n\t<\/h2>\n\t<p class=\"pag-servizio-text\">\n\t\tGeneralmente viene effettuata una prima visita a tutti i neonati prima che vengano dimessi dai reparti di maternit\u00e0. In seguito i controlli sono demandati all'iniziativa di pediatri e genitori. <br>\nDato il progressivo sviluppo del sistema visivo \u00e8 consigliabile una visita tra il secondo e terzo anno di et\u00e0,\nperiodo che spesso coincide con l'ingresso nella Scuola Materna. Sarebbe opportuno comunque un controllo ai cinque - sei anni di et\u00e0, quando il bambino inizia il ciclo scolastico. \nEsistono apparecchiature che permettono l\u2019esame non aggressivo anche dei bambini pi\u00f9 piccoli.\n\t<\/p>\n<\/div>\n<\/div><\/div><\/div><\/div><div id=\"pg-1288-7\"  class=\"panel-grid panel-has-style\" ><div class=\"panel-row-style panel-row-style-for-1288-7\" ><div id=\"pgc-1288-7-0\"  class=\"panel-grid-cell\" ><div id=\"panel-1288-7-0-0\" class=\"widget_text so-panel widget widget_custom_html panel-first-child panel-last-child\" data-index=\"10\" ><div class=\"textwidget custom-html-widget\"><div class=\"pag-servizio-wrapper\">\n\t<div class=\"pag-servizio-wrapper\">\n\t<h2 class=\"pag-servizio-subtitile centrato\">\n\t\tAltre esigenze a cui<br \/> l'ambulatorio pu\u00f2 rispondere:\n\t<\/h2><hr \/>\n<\/div>\n<\/div>\n<\/div><\/div><\/div><\/div><\/div><div id=\"pg-1288-8\"  class=\"panel-grid panel-has-style\" ><div class=\"panel-row-style panel-row-style-for-1288-8\" ><div id=\"pgc-1288-8-0\"  class=\"panel-grid-cell\" ><div id=\"panel-1288-8-0-0\" class=\"widget_text so-panel widget widget_custom_html panel-first-child panel-last-child\" data-index=\"11\" ><div class=\"textwidget custom-html-widget\"><div class=\"pag-servizio-wrapper\">\n\t<h2 class=\"pag-servizio-subtitle\">\n\t\tLa Dislessia\n\t<\/h2>\n<\/div><\/div><\/div><\/div><\/div><\/div><div id=\"pg-1288-9\"  class=\"panel-grid panel-has-style\" ><div class=\"panel-row-style panel-row-style-for-1288-9\" ><div id=\"pgc-1288-9-0\"  class=\"panel-grid-cell\" ><div id=\"panel-1288-9-0-0\" class=\"widget_text so-panel widget widget_custom_html panel-first-child panel-last-child\" data-index=\"12\" ><div class=\"textwidget custom-html-widget\"><div class=\"pag-servizio-wrapper\">\n\t<p class=\"pag-servizio-text justify\">\n\t\tLa dislessia \u00e8 un disturbo classificato tra i Disturbi Specifici di Apprendimento (DSA) e la sua principale manifestazione consiste in un'alterata scansione di lettura, nonch\u00e9 nella difficolt\u00e0 di elaborazione e comprensione dei testi. Tali difficolt\u00e0 non possono essere ricondotte a insufficienti capacit\u00e0 intellettive, a mancanza di istruzione, a cause esterne o a deficit sensoriali.<br \/>\nAnche l\u2019Organizzazione Mondiale della Sanit\u00e0 classifica la dislessia e gli altri disturbi specifici di apprendimento come disabilit\u00e0, per cui non \u00e8 possibile apprendere la lettura, la scrittura o il calcolo aritmetico nei normali tempi e con i normali metodi di insegnamento.\n\t<\/p>\n<\/div><\/div><\/div><\/div><div id=\"pgc-1288-9-1\"  class=\"panel-grid-cell panel-grid-cell-empty\" ><\/div><div id=\"pgc-1288-9-2\"  class=\"panel-grid-cell\" ><div id=\"panel-1288-9-2-0\" class=\"widget_text so-panel widget widget_custom_html panel-first-child panel-last-child\" data-index=\"13\" ><div class=\"textwidget custom-html-widget\"><img loading=\"lazy\" decoding=\"async\" class=\"aligncenter wp-image-1894 size-full\" src=\"https:\/\/www.studiomedicofanton.it\/wp-content\/uploads\/2021\/10\/dislessi-studio-medico-fanton.jpg\" alt=\"\" width=\"900\" height=\"600\" srcset=\"https:\/\/www.studiomedicofanton.it\/wp-content\/uploads\/2021\/10\/dislessi-studio-medico-fanton.jpg 900w, https:\/\/www.studiomedicofanton.it\/wp-content\/uploads\/2021\/10\/dislessi-studio-medico-fanton-300x200.jpg 300w, https:\/\/www.studiomedicofanton.it\/wp-content\/uploads\/2021\/10\/dislessi-studio-medico-fanton-768x512.jpg 768w, https:\/\/www.studiomedicofanton.it\/wp-content\/uploads\/2021\/10\/dislessi-studio-medico-fanton-263x174.jpg 263w, https:\/\/www.studiomedicofanton.it\/wp-content\/uploads\/2021\/10\/dislessi-studio-medico-fanton-272x182.jpg 272w\" sizes=\"auto, (max-width: 900px) 100vw, 900px\" \/><\/div><\/div><\/div><\/div><\/div><div id=\"pg-1288-10\"  class=\"panel-grid panel-has-style\" ><div class=\"panel-row-style panel-row-style-for-1288-10\" ><div id=\"pgc-1288-10-0\"  class=\"panel-grid-cell\" ><div id=\"panel-1288-10-0-0\" class=\"widget_text so-panel widget widget_custom_html panel-first-child panel-last-child\" data-index=\"14\" ><div class=\"textwidget custom-html-widget\"><div class=\"pag-servizio-wrapper\">\n\t<h2 class=\"pag-servizio-subtitle\">\n\t\tPostura Corretta\n\t<\/h2>\n<\/div><\/div><\/div><\/div><\/div><\/div><div id=\"pg-1288-11\"  class=\"panel-grid panel-has-style\" ><div class=\"panel-row-style panel-row-style-for-1288-11\" ><div id=\"pgc-1288-11-0\"  class=\"panel-grid-cell\" ><div id=\"panel-1288-11-0-0\" class=\"widget_text so-panel widget widget_custom_html panel-first-child panel-last-child\" data-index=\"15\" ><div class=\"textwidget custom-html-widget\"><div class=\"pag-servizio-wrapper\">\n\t<p class=\"pag-servizio-text justify\">\n\t\tNasce dal crescente aumento nella nostra societ\u00e0 di problemi di salute conseguenti ad una scorretta postura. Tale problema, per anni sottovalutato, \u00e8 ormai considerato una delle principali cause di rischio per gli studenti e i videoterminalisti in quanto si riflette non solo a livello della conformazione muscolo-scleletrica ma anche sull\u2019apparato visivo.\n\t<\/p>\n<\/div><\/div><\/div><\/div><div id=\"pgc-1288-11-1\"  class=\"panel-grid-cell panel-grid-cell-empty\" ><\/div><div id=\"pgc-1288-11-2\"  class=\"panel-grid-cell\" ><div id=\"panel-1288-11-2-0\" class=\"widget_text so-panel widget widget_custom_html panel-first-child panel-last-child\" data-index=\"16\" ><div class=\"textwidget custom-html-widget\"><img loading=\"lazy\" decoding=\"async\" class=\"aligncenter wp-image-1896 size-full\" src=\"https:\/\/www.studiomedicofanton.it\/wp-content\/uploads\/2021\/10\/postura-corretta.jpg\" alt=\"\" width=\"900\" height=\"599\" srcset=\"https:\/\/www.studiomedicofanton.it\/wp-content\/uploads\/2021\/10\/postura-corretta.jpg 900w, https:\/\/www.studiomedicofanton.it\/wp-content\/uploads\/2021\/10\/postura-corretta-300x200.jpg 300w, https:\/\/www.studiomedicofanton.it\/wp-content\/uploads\/2021\/10\/postura-corretta-768x511.jpg 768w, https:\/\/www.studiomedicofanton.it\/wp-content\/uploads\/2021\/10\/postura-corretta-263x174.jpg 263w, https:\/\/www.studiomedicofanton.it\/wp-content\/uploads\/2021\/10\/postura-corretta-272x182.jpg 272w\" sizes=\"auto, (max-width: 900px) 100vw, 900px\" \/><\/div><\/div><\/div><\/div><\/div><div id=\"pg-1288-12\"  class=\"panel-grid panel-has-style\" ><div class=\"panel-row-style panel-row-style-for-1288-12\" ><div id=\"pgc-1288-12-0\"  class=\"panel-grid-cell\" ><div id=\"panel-1288-12-0-0\" class=\"widget_text so-panel widget widget_custom_html panel-first-child panel-last-child\" data-index=\"17\" ><div class=\"textwidget custom-html-widget\"><div class=\"pag-servizio-wrapper\">\n\t<h2 class=\"pag-servizio-subtitle\">\n\t\tL'Ortottica\n\t<\/h2>\n<\/div><\/div><\/div><\/div><\/div><\/div><div id=\"pg-1288-13\"  class=\"panel-grid panel-has-style\" ><div class=\"panel-row-style panel-row-style-for-1288-13\" ><div id=\"pgc-1288-13-0\"  class=\"panel-grid-cell\" ><div id=\"panel-1288-13-0-0\" class=\"widget_text so-panel widget widget_custom_html panel-first-child panel-last-child\" data-index=\"18\" ><div class=\"textwidget custom-html-widget\"><div class=\"pag-servizio-wrapper\">\n\t<p class=\"pag-servizio-text justify\">\n\t\tL\u2019Ortottica \u00e8 una branca dell\u2019oculistica che si occupa di tutte le alterazioni dei movimenti oculari e dello strabismo, nel bambino e nell\u2019adulto. L\u2019Ortottista \u00e8 una figura la cui formazione avviene presso la facolt\u00e0 di Medicina e Chirurgia, dunque esclusivamente universitaria dal 1955.<br \/>\nGeneralmente studia i movimenti oculari legati alla letto-scrittura, i disturbi legati ad una postura sbagliata e si occupa inoltre della riabilitazione della persona ipovedente con ausili ottici.\n\t<\/p>\n<\/div><\/div><\/div><\/div><div id=\"pgc-1288-13-1\"  class=\"panel-grid-cell panel-grid-cell-empty\" ><\/div><div id=\"pgc-1288-13-2\"  class=\"panel-grid-cell\" ><div id=\"panel-1288-13-2-0\" class=\"widget_text so-panel widget widget_custom_html panel-first-child panel-last-child\" data-index=\"19\" ><div class=\"textwidget custom-html-widget\"><img loading=\"lazy\" decoding=\"async\" src=\"https:\/\/www.studiomedicofanton.it\/wp-content\/uploads\/2021\/10\/ortottica-studio-medico-fanton-300x200.jpg\" alt=\"\" width=\"900\" height=\"600\" class=\"alignnone size-full wp-image-1898\" srcset=\"https:\/\/www.studiomedicofanton.it\/wp-content\/uploads\/2021\/10\/ortottica-studio-medico-fanton-300x200.jpg 300w, https:\/\/www.studiomedicofanton.it\/wp-content\/uploads\/2021\/10\/ortottica-studio-medico-fanton-768x512.jpg 768w, https:\/\/www.studiomedicofanton.it\/wp-content\/uploads\/2021\/10\/ortottica-studio-medico-fanton-263x174.jpg 263w, https:\/\/www.studiomedicofanton.it\/wp-content\/uploads\/2021\/10\/ortottica-studio-medico-fanton-272x182.jpg 272w, https:\/\/www.studiomedicofanton.it\/wp-content\/uploads\/2021\/10\/ortottica-studio-medico-fanton.jpg 900w\" sizes=\"auto, (max-width: 900px) 100vw, 900px\" \/><\/div><\/div><\/div><\/div><\/div><div id=\"pg-1288-14\"  class=\"panel-grid panel-has-style\" ><div class=\"section-wrapper panel-row-style panel-row-style-for-1288-14\" ><div id=\"pgc-1288-14-0\"  class=\"panel-grid-cell\" ><div id=\"panel-1288-14-0-0\" class=\"widget_text so-panel widget widget_custom_html panel-first-child panel-last-child\" data-index=\"20\" ><div class=\"textwidget custom-html-widget\"><div class=\"sezione-prenotazione-text justify\">\n\t<h3 class=\"pag-servizio-form-title\">\n\t\tL'Importanza di una visita Oculistica! \n\t<\/h3>\nDal momento che la vista \u00e8 parte integrante della nostra esperienza sensoriale quotidiana, \u00e8 fondamentale non sottovalutare la quantit\u00e0 di stress a cui sono sottoposti i nostri occhi.<br> Le visite mediche hanno lo scopo di salvaguardarne lo stato di salute, diagnosticando precocemente gravi patologie e intervenendo con terapie mirate ed efficienti. Prenota una visita presso il nostro Studio Medico utilizzando il pulsante sottostante. <br> Se hai dubbi o desideri maggiori informazioni contattaci compilando il seguente modulo. Saremo lieti di risponderti e venire incontro alle tue esigenze.\n<\/div>\n<div class=\"centrato\" style=\"margin-top:50px;\">\n\t<a class=\"mh-button-visit-form\" href=\"tel:+3901522979\">Prenota una visita<\/a>\n<\/div>\n<\/div><\/div><\/div><div id=\"pgc-1288-14-1\"  class=\"panel-grid-cell\" ><div id=\"panel-1288-14-1-0\" class=\"widget_text so-panel widget widget_custom_html panel-first-child panel-last-child\" data-index=\"21\" ><div class=\"textwidget custom-html-widget\"><div class=\"container-form centrato\">\n\t\n<div class=\"wpcf7 no-js\" id=\"wpcf7-f4-o1\" lang=\"it-IT\" dir=\"ltr\" data-wpcf7-id=\"4\">\n<div class=\"screen-reader-response\"><p role=\"status\" aria-live=\"polite\" aria-atomic=\"true\"><\/p> <ul><\/ul><\/div>\n<form action=\"\/it\/wp-json\/wp\/v2\/pages\/1288#wpcf7-f4-o1\" method=\"post\" class=\"wpcf7-form init\" aria-label=\"Modulo di contatto\" novalidate=\"novalidate\" data-status=\"init\">\n<fieldset class=\"hidden-fields-container\"><input type=\"hidden\" name=\"_wpcf7\" value=\"4\" \/><input type=\"hidden\" name=\"_wpcf7_version\" value=\"6.1.5\" \/><input type=\"hidden\" name=\"_wpcf7_locale\" value=\"it_IT\" \/><input type=\"hidden\" name=\"_wpcf7_unit_tag\" value=\"wpcf7-f4-o1\" \/><input type=\"hidden\" name=\"_wpcf7_container_post\" value=\"0\" \/><input type=\"hidden\" name=\"_wpcf7_posted_data_hash\" value=\"\" \/>\n<\/fieldset>\n<div class=\"wpcf7-turnstile cf-turnstile\" data-sitekey=\"0x4AAAAAABs1d-jl9c7nQQX9\" data-response-field-name=\"_wpcf7_turnstile_response\"><\/div>\n\n<p><span class=\"wpcf7-form-control-wrap\" data-name=\"your-name\"><input size=\"40\" maxlength=\"400\" class=\"wpcf7-form-control wpcf7-text wpcf7-validates-as-required\" aria-required=\"true\" aria-invalid=\"false\" placeholder=\"Nome e Cognome*\" value=\"\" type=\"text\" name=\"your-name\" \/><\/span>\n<\/p>\n<p><span class=\"wpcf7-form-control-wrap\" data-name=\"your-email\"><input size=\"40\" maxlength=\"400\" class=\"wpcf7-form-control wpcf7-email wpcf7-validates-as-required wpcf7-text wpcf7-validates-as-email\" aria-required=\"true\" aria-invalid=\"false\" placeholder=\"Email*\" value=\"\" type=\"email\" name=\"your-email\" \/><\/span>\n<\/p>\n<p><span class=\"wpcf7-form-control-wrap\" data-name=\"your-phone\"><input size=\"40\" maxlength=\"400\" class=\"wpcf7-form-control wpcf7-text\" aria-invalid=\"false\" placeholder=\"Numero di Telefono\" value=\"\" type=\"text\" name=\"your-phone\" \/><\/span>\n<\/p>\n<p><span class=\"wpcf7-form-control-wrap\" data-name=\"your-message\"><textarea cols=\"40\" rows=\"2\" maxlength=\"2000\" class=\"wpcf7-form-control wpcf7-textarea wpcf7-validates-as-required\" aria-required=\"true\" aria-invalid=\"false\" placeholder=\"Messaggio*\" name=\"your-message\"><\/textarea><\/span>\n<\/p>\n<div style=\"font-size:0.9em !important;margin-bottom: 10px;color:#5b779d;\" >\n\t<p><span class=\"wpcf7-form-control-wrap\" data-name=\"acceptance-privacy\"><span class=\"wpcf7-form-control wpcf7-acceptance\"><span class=\"wpcf7-list-item\"><label><input type=\"checkbox\" name=\"acceptance-privacy\" value=\"1\" aria-invalid=\"false\" \/><span class=\"wpcf7-list-item-label\">- Acconsento al trattamento dei miei dati personali in accordo con la pi\u00f9 recente <a href=\"https:\/\/www.studiomedicofanton.it\/it\/privacy-policy\/\" target=\"_blank\" style=\"font-size:0.9em;color:#5b779d70;\" >Privacy Policy<\/a><\/span><\/label><\/span><\/span><\/span>\n\t<\/p>\n<\/div>\n<p><input class=\"wpcf7-form-control wpcf7-submit has-spinner\" type=\"submit\" value=\"Invia\" \/>\n<\/p><div class=\"wpcf7-response-output\" aria-hidden=\"true\"><\/div>\n<\/form>\n<\/div>\n\n<\/div>\n<\/div><\/div><\/div><\/div><\/div><\/div>","protected":false},"excerpt":{"rendered":"<p>Il benessere visivo dei bambini Lo sviluppo visivo del bambino Dal momento della nascita il neonato \u00e8 in grado di captare tutti gli stimoli visivi provenienti dall&#8217;ambiente circostante ma non&hellip;<\/p>\n","protected":false},"author":1,"featured_media":1190,"parent":26,"menu_order":20,"comment_status":"closed","ping_status":"closed","template":"","meta":{"footnotes":""},"class_list":["post-1288","page","type-page","status-publish","has-post-thumbnail","hentry","post"],"yoast_head":"<!-- This site is optimized with the Yoast SEO plugin v27.2 - https:\/\/yoast.com\/product\/yoast-seo-wordpress\/ -->\n<title>Ambulatorio Pediatrico - Studio Medico Fanton<\/title>\n<meta name=\"robots\" content=\"index, follow, max-snippet:-1, max-image-preview:large, max-video-preview:-1\" \/>\n<link rel=\"canonical\" href=\"https:\/\/www.studiomedicofanton.it\/it\/i-nostri-servizi\/ambulatorio-pediatrico\/\" \/>\n<meta property=\"og:locale\" content=\"it_IT\" \/>\n<meta property=\"og:type\" content=\"article\" \/>\n<meta property=\"og:title\" content=\"Ambulatorio Pediatrico - Studio Medico Fanton\" \/>\n<meta property=\"og:description\" content=\"Il benessere visivo dei bambini Lo sviluppo visivo del bambino Dal momento della nascita il neonato \u00e8 in grado di captare tutti gli stimoli visivi provenienti dall&#039;ambiente circostante ma non&hellip;\" \/>\n<meta property=\"og:url\" content=\"https:\/\/www.studiomedicofanton.it\/it\/i-nostri-servizi\/ambulatorio-pediatrico\/\" \/>\n<meta property=\"og:site_name\" content=\"Studio Medico Fanton\" \/>\n<meta property=\"article:modified_time\" content=\"2022-05-16T14:52:27+00:00\" \/>\n<meta property=\"og:image\" content=\"https:\/\/www.studiomedicofanton.it\/wp-content\/uploads\/2021\/09\/ambulatorio-pediatrico.jpg\" \/>\n\t<meta property=\"og:image:width\" content=\"1920\" \/>\n\t<meta property=\"og:image:height\" content=\"700\" \/>\n\t<meta property=\"og:image:type\" content=\"image\/jpeg\" \/>\n<meta name=\"twitter:card\" content=\"summary_large_image\" \/>\n<meta name=\"twitter:label1\" content=\"Tempo di lettura stimato\" \/>\n\t<meta name=\"twitter:data1\" content=\"1 minuto\" \/>\n<script type=\"application\/ld+json\" class=\"yoast-schema-graph\">{\"@context\":\"https:\/\/schema.org\",\"@graph\":[{\"@type\":\"WebPage\",\"@id\":\"https:\/\/www.studiomedicofanton.it\/it\/i-nostri-servizi\/ambulatorio-pediatrico\/\",\"url\":\"https:\/\/www.studiomedicofanton.it\/it\/i-nostri-servizi\/ambulatorio-pediatrico\/\",\"name\":\"Ambulatorio Pediatrico - Studio Medico Fanton\",\"isPartOf\":{\"@id\":\"https:\/\/www.studiomedicofanton.it\/it\/#website\"},\"primaryImageOfPage\":{\"@id\":\"https:\/\/www.studiomedicofanton.it\/it\/i-nostri-servizi\/ambulatorio-pediatrico\/#primaryimage\"},\"image\":{\"@id\":\"https:\/\/www.studiomedicofanton.it\/it\/i-nostri-servizi\/ambulatorio-pediatrico\/#primaryimage\"},\"thumbnailUrl\":\"https:\/\/www.studiomedicofanton.it\/wp-content\/uploads\/2021\/09\/ambulatorio-pediatrico.jpg\",\"datePublished\":\"2021-09-23T09:08:59+00:00\",\"dateModified\":\"2022-05-16T14:52:27+00:00\",\"breadcrumb\":{\"@id\":\"https:\/\/www.studiomedicofanton.it\/it\/i-nostri-servizi\/ambulatorio-pediatrico\/#breadcrumb\"},\"inLanguage\":\"it-IT\",\"potentialAction\":[{\"@type\":\"ReadAction\",\"target\":[\"https:\/\/www.studiomedicofanton.it\/it\/i-nostri-servizi\/ambulatorio-pediatrico\/\"]}]},{\"@type\":\"ImageObject\",\"inLanguage\":\"it-IT\",\"@id\":\"https:\/\/www.studiomedicofanton.it\/it\/i-nostri-servizi\/ambulatorio-pediatrico\/#primaryimage\",\"url\":\"https:\/\/www.studiomedicofanton.it\/wp-content\/uploads\/2021\/09\/ambulatorio-pediatrico.jpg\",\"contentUrl\":\"https:\/\/www.studiomedicofanton.it\/wp-content\/uploads\/2021\/09\/ambulatorio-pediatrico.jpg\",\"width\":1920,\"height\":700},{\"@type\":\"BreadcrumbList\",\"@id\":\"https:\/\/www.studiomedicofanton.it\/it\/i-nostri-servizi\/ambulatorio-pediatrico\/#breadcrumb\",\"itemListElement\":[{\"@type\":\"ListItem\",\"position\":1,\"name\":\"Home\",\"item\":\"https:\/\/www.studiomedicofanton.it\/it\/\"},{\"@type\":\"ListItem\",\"position\":2,\"name\":\"I Nostri Servizi\",\"item\":\"https:\/\/www.studiomedicofanton.it\/it\/i-nostri-servizi\/\"},{\"@type\":\"ListItem\",\"position\":3,\"name\":\"Ambulatorio Pediatrico\"}]},{\"@type\":\"WebSite\",\"@id\":\"https:\/\/www.studiomedicofanton.it\/it\/#website\",\"url\":\"https:\/\/www.studiomedicofanton.it\/it\/\",\"name\":\"Studio Medico Fanton\",\"description\":\"Biella Torino Lugano -  I Vostri Occhi, la Nostra Passione\",\"alternateName\":\"Studio Fanton\",\"potentialAction\":[{\"@type\":\"SearchAction\",\"target\":{\"@type\":\"EntryPoint\",\"urlTemplate\":\"https:\/\/www.studiomedicofanton.it\/it\/?s={search_term_string}\"},\"query-input\":{\"@type\":\"PropertyValueSpecification\",\"valueRequired\":true,\"valueName\":\"search_term_string\"}}],\"inLanguage\":\"it-IT\"}]}<\/script>\n<!-- \/ Yoast SEO plugin. -->","yoast_head_json":{"title":"Ambulatorio Pediatrico - Studio Medico Fanton","robots":{"index":"index","follow":"follow","max-snippet":"max-snippet:-1","max-image-preview":"max-image-preview:large","max-video-preview":"max-video-preview:-1"},"canonical":"https:\/\/www.studiomedicofanton.it\/it\/i-nostri-servizi\/ambulatorio-pediatrico\/","og_locale":"it_IT","og_type":"article","og_title":"Ambulatorio Pediatrico - Studio Medico Fanton","og_description":"Il benessere visivo dei bambini Lo sviluppo visivo del bambino Dal momento della nascita il neonato \u00e8 in grado di captare tutti gli stimoli visivi provenienti dall'ambiente circostante ma non&hellip;","og_url":"https:\/\/www.studiomedicofanton.it\/it\/i-nostri-servizi\/ambulatorio-pediatrico\/","og_site_name":"Studio Medico Fanton","article_modified_time":"2022-05-16T14:52:27+00:00","og_image":[{"width":1920,"height":700,"url":"https:\/\/www.studiomedicofanton.it\/wp-content\/uploads\/2021\/09\/ambulatorio-pediatrico.jpg","type":"image\/jpeg"}],"twitter_card":"summary_large_image","twitter_misc":{"Tempo di lettura stimato":"1 minuto"},"schema":{"@context":"https:\/\/schema.org","@graph":[{"@type":"WebPage","@id":"https:\/\/www.studiomedicofanton.it\/it\/i-nostri-servizi\/ambulatorio-pediatrico\/","url":"https:\/\/www.studiomedicofanton.it\/it\/i-nostri-servizi\/ambulatorio-pediatrico\/","name":"Ambulatorio Pediatrico - Studio Medico Fanton","isPartOf":{"@id":"https:\/\/www.studiomedicofanton.it\/it\/#website"},"primaryImageOfPage":{"@id":"https:\/\/www.studiomedicofanton.it\/it\/i-nostri-servizi\/ambulatorio-pediatrico\/#primaryimage"},"image":{"@id":"https:\/\/www.studiomedicofanton.it\/it\/i-nostri-servizi\/ambulatorio-pediatrico\/#primaryimage"},"thumbnailUrl":"https:\/\/www.studiomedicofanton.it\/wp-content\/uploads\/2021\/09\/ambulatorio-pediatrico.jpg","datePublished":"2021-09-23T09:08:59+00:00","dateModified":"2022-05-16T14:52:27+00:00","breadcrumb":{"@id":"https:\/\/www.studiomedicofanton.it\/it\/i-nostri-servizi\/ambulatorio-pediatrico\/#breadcrumb"},"inLanguage":"it-IT","potentialAction":[{"@type":"ReadAction","target":["https:\/\/www.studiomedicofanton.it\/it\/i-nostri-servizi\/ambulatorio-pediatrico\/"]}]},{"@type":"ImageObject","inLanguage":"it-IT","@id":"https:\/\/www.studiomedicofanton.it\/it\/i-nostri-servizi\/ambulatorio-pediatrico\/#primaryimage","url":"https:\/\/www.studiomedicofanton.it\/wp-content\/uploads\/2021\/09\/ambulatorio-pediatrico.jpg","contentUrl":"https:\/\/www.studiomedicofanton.it\/wp-content\/uploads\/2021\/09\/ambulatorio-pediatrico.jpg","width":1920,"height":700},{"@type":"BreadcrumbList","@id":"https:\/\/www.studiomedicofanton.it\/it\/i-nostri-servizi\/ambulatorio-pediatrico\/#breadcrumb","itemListElement":[{"@type":"ListItem","position":1,"name":"Home","item":"https:\/\/www.studiomedicofanton.it\/it\/"},{"@type":"ListItem","position":2,"name":"I Nostri Servizi","item":"https:\/\/www.studiomedicofanton.it\/it\/i-nostri-servizi\/"},{"@type":"ListItem","position":3,"name":"Ambulatorio Pediatrico"}]},{"@type":"WebSite","@id":"https:\/\/www.studiomedicofanton.it\/it\/#website","url":"https:\/\/www.studiomedicofanton.it\/it\/","name":"Studio Medico Fanton","description":"Biella Torino Lugano -  I Vostri Occhi, la Nostra Passione","alternateName":"Studio Fanton","potentialAction":[{"@type":"SearchAction","target":{"@type":"EntryPoint","urlTemplate":"https:\/\/www.studiomedicofanton.it\/it\/?s={search_term_string}"},"query-input":{"@type":"PropertyValueSpecification","valueRequired":true,"valueName":"search_term_string"}}],"inLanguage":"it-IT"}]}},"_links":{"self":[{"href":"https:\/\/www.studiomedicofanton.it\/it\/wp-json\/wp\/v2\/pages\/1288","targetHints":{"allow":["GET"]}}],"collection":[{"href":"https:\/\/www.studiomedicofanton.it\/it\/wp-json\/wp\/v2\/pages"}],"about":[{"href":"https:\/\/www.studiomedicofanton.it\/it\/wp-json\/wp\/v2\/types\/page"}],"author":[{"embeddable":true,"href":"https:\/\/www.studiomedicofanton.it\/it\/wp-json\/wp\/v2\/users\/1"}],"replies":[{"embeddable":true,"href":"https:\/\/www.studiomedicofanton.it\/it\/wp-json\/wp\/v2\/comments?post=1288"}],"version-history":[{"count":11,"href":"https:\/\/www.studiomedicofanton.it\/it\/wp-json\/wp\/v2\/pages\/1288\/revisions"}],"predecessor-version":[{"id":2630,"href":"https:\/\/www.studiomedicofanton.it\/it\/wp-json\/wp\/v2\/pages\/1288\/revisions\/2630"}],"up":[{"embeddable":true,"href":"https:\/\/www.studiomedicofanton.it\/it\/wp-json\/wp\/v2\/pages\/26"}],"wp:featuredmedia":[{"embeddable":true,"href":"https:\/\/www.studiomedicofanton.it\/it\/wp-json\/wp\/v2\/media\/1190"}],"wp:attachment":[{"href":"https:\/\/www.studiomedicofanton.it\/it\/wp-json\/wp\/v2\/media?parent=1288"}],"curies":[{"name":"wp","href":"https:\/\/api.w.org\/{rel}","templated":true}]}}