{"id":2203,"date":"2021-10-11T16:11:33","date_gmt":"2021-10-11T14:11:33","guid":{"rendered":"https:\/\/www.studiomedicofanton.it\/?page_id=2203"},"modified":"2025-12-05T09:29:55","modified_gmt":"2025-12-05T08:29:55","slug":"cataratta","status":"publish","type":"page","link":"https:\/\/www.studiomedicofanton.it\/it\/cataratta\/","title":{"rendered":"Cataratta"},"content":{"rendered":"<div id=\"pl-2203\"  class=\"panel-layout\" ><div id=\"pg-2203-0\"  class=\"panel-grid panel-has-style\" ><div class=\"panel-row-style panel-row-style-for-2203-0\" ><div id=\"pgc-2203-0-0\"  class=\"panel-grid-cell\" ><div id=\"panel-2203-0-0-0\" class=\"widget_text so-panel widget widget_custom_html panel-first-child panel-last-child\" data-index=\"0\" ><div class=\"textwidget custom-html-widget\"><div class=\"title-page-wrapper\" style=\"text-align: center;\">\n\t<h1 style=\"text-align: center;\">\n\t\tCataratta: sintomi, diagnosi e trattamento definitivo\n\t<\/h1>\n<\/div><\/div><\/div><\/div><\/div><\/div><div id=\"pg-2203-1\"  class=\"panel-grid panel-no-style\" ><div id=\"pgc-2203-1-0\"  class=\"panel-grid-cell\" ><div id=\"panel-2203-1-0-0\" class=\"so-panel widget widget_text panel-first-child panel-last-child\" data-index=\"1\" >\t\t\t<div class=\"textwidget\"><p>La cataratta \u00e8 una delle patologie oculari pi\u00f9 diffuse dopo i 60 anni e consiste nella <strong>progressiva opacizzazione del cristallino<\/strong>, la lente naturale che <strong>permette la messa a fuoco<\/strong>. Con il passare del tempo la visione diventa sempre pi\u00f9 offuscata, fino a compromettere in modo significativo la qualit\u00e0 di vita.<br \/>\nPresso lo Studio Medico Fanton offriamo un <strong>percorso completo<\/strong> per la diagnosi e il trattamento della cataratta, basato su tecnologie moderne, valutazioni personalizzate e interventi sicuri e indolori.<\/p>\n<\/div>\n\t\t<\/div><\/div><\/div><div id=\"pg-2203-2\"  class=\"panel-grid panel-no-style\" ><div id=\"pgc-2203-2-0\"  class=\"panel-grid-cell\" ><div id=\"panel-2203-2-0-0\" class=\"widget_text so-panel widget widget_custom_html panel-first-child panel-last-child\" data-index=\"2\" ><div class=\"textwidget custom-html-widget\"><div class=\"pag-servizio-wrapper\">\n\t<h2 class=\"pag-servizio-subtitile\">\n\t\tChe cos'&egrave; la Cataratta?\n\t<\/h2>\n<\/div>\n<div class=\"pag-servizio-wrapper\">\n\t<p class=\"pag-servizio-text\">\n\t\tLa <strong>cataratta<\/strong> \u00e8 <b>l\u2019opacizzazione graduale e progressiva della lente naturale<\/b> del nostro occhio, chiamata cristallino. L\u2019insorgenza del disturbo \u00e8 comune per lo pi\u00f9 nelle persone <b>over 60 anni<\/b> ma pu\u00f2 interessare <b>anche pazienti pi\u00f9 giovani<\/b>. Oltre all\u2019invecchiamento, infatti, tra le cause della cataratta rientrano anche:\n\t<\/p>\n\t<ul>\n\t\t<li>Lo <strong>stile di vita<\/strong> (fumo, alcolici, dieta povera di vitamine)<\/li>\n\t\t<li><strong>Fattori ambientali<\/strong>, esposizione eccessiva a luce ultravioletta o radiazione infrarossa<\/li>\n\t\t<li>Utilizzo di <strong>alcuni farmaci particolari<\/strong> (uso a lungo termine di corticosteroidi, assunti da persone affette da asma allergico o malattie polmonari)<\/li>\n\t\t<li><strong>Traumi oculari<\/strong><\/li>\n\t\t<li><strong>Predisposizione genetica o sindromi ereditarie<\/strong><\/li>\n\t<\/ul>\n<\/div><\/div><\/div><\/div><div id=\"pgc-2203-2-1\"  class=\"panel-grid-cell\" ><div id=\"panel-2203-2-1-0\" class=\"widget_text so-panel widget widget_custom_html panel-first-child panel-last-child\" data-index=\"3\" ><div class=\"textwidget custom-html-widget\"><img loading=\"lazy\" decoding=\"async\" class=\"aligncenter size-full\" src=\"https:\/\/www.studiomedicofanton.it\/wp-content\/uploads\/2022\/07\/studio-medico-fanton-cataratta-chirurgia-01.jpg\" alt=\"\" width=\"900\" height=\"600\" \/><\/div><\/div><\/div><\/div><div id=\"pg-2203-3\"  class=\"panel-grid panel-has-style\" ><div class=\"siteorigin-panels-stretch panel-row-style panel-row-style-for-2203-3\" data-stretch-type=\"full\" ><div id=\"pgc-2203-3-0\"  class=\"panel-grid-cell\" ><div id=\"panel-2203-3-0-0\" class=\"widget_text so-panel widget widget_custom_html panel-first-child\" data-index=\"4\" ><div class=\"textwidget custom-html-widget\"><div class=\"pag-servizio-wrapper\">\n\t<h2 class=\"pag-servizio-subtitile\">\n\t\tSintomi della cataratta: come riconoscerla\n\t<\/h2>\n\t<p class=\"pag-servizio-text\">\n\t All\u2019inizio la cataratta pu\u00f2 essere asintomatica, perch\u00e9 l\u2019opacizzazione avviene in modo lento e graduale. \n\t<br> Con il tempo possono comparire:\n<\/p>\n<ul>\n  <li>visione confusa o appannata<\/li>\n  <li>colori sbiaditi<\/li>\n  <li>aloni attorno alle luci<\/li>\n  <li>difficolt\u00e0 alla guida notturna<\/li>\n  <li>visione doppia<\/li>\n  <li>ipersensibilit\u00e0 alla luce<\/li>\n  <li>peggioramento della vista da lontano<\/li>\n<\/ul>\t\n<\/div>\n<\/div><\/div><div id=\"panel-2203-3-0-1\" class=\"so-panel widget widget_siteorigin-panels-builder panel-last-child\" data-index=\"5\" ><div id=\"pl-w62fb76dbdb5cc\"  class=\"panel-layout\" ><div id=\"pg-w62fb76dbdb5cc-0\"  class=\"panel-grid panel-no-style\" ><div id=\"pgc-w62fb76dbdb5cc-0-0\"  class=\"panel-grid-cell panel-grid-cell-empty\" ><\/div><div id=\"pgc-w62fb76dbdb5cc-0-1\"  class=\"panel-grid-cell\" ><div id=\"panel-w62fb76dbdb5cc-0-1-0\" class=\"so-panel widget widget_sow-editor panel-first-child panel-last-child\" data-index=\"0\" ><div\n\t\t\t\n\t\t\tclass=\"so-widget-sow-editor so-widget-sow-editor-base\"\n\t\t\t\n\t\t>\n<div class=\"siteorigin-widget-tinymce textwidget\">\n\t<h3 class=\"pag-servizio-subtitile\" style=\"text-align: center; margin-top: 0px !important;\">Visione con Cataratta<\/h3>\n<img loading=\"lazy\" decoding=\"async\" class=\"aligncenter wp-image-3031 size-full\" src=\"https:\/\/www.studiomedicofanton.it\/wp-content\/uploads\/2022\/08\/studio-medico-fanton-cataratta-prima-dell-intervento.jpg\" alt=\"\" width=\"800\" height=\"600\" srcset=\"https:\/\/www.studiomedicofanton.it\/wp-content\/uploads\/2022\/08\/studio-medico-fanton-cataratta-prima-dell-intervento.jpg 800w, https:\/\/www.studiomedicofanton.it\/wp-content\/uploads\/2022\/08\/studio-medico-fanton-cataratta-prima-dell-intervento-300x225.jpg 300w, https:\/\/www.studiomedicofanton.it\/wp-content\/uploads\/2022\/08\/studio-medico-fanton-cataratta-prima-dell-intervento-768x576.jpg 768w\" sizes=\"auto, (max-width: 800px) 100vw, 800px\" \/><\/div>\n<\/div><\/div><\/div><div id=\"pgc-w62fb76dbdb5cc-0-2\"  class=\"panel-grid-cell panel-grid-cell-mobile-last\" ><div id=\"panel-w62fb76dbdb5cc-0-2-0\" class=\"so-panel widget widget_sow-editor panel-first-child panel-last-child\" data-index=\"1\" ><div\n\t\t\t\n\t\t\tclass=\"so-widget-sow-editor so-widget-sow-editor-base\"\n\t\t\t\n\t\t>\n<div class=\"siteorigin-widget-tinymce textwidget\">\n\t<h3 class=\"pag-servizio-subtitile\" style=\"text-align: center; margin-top: 0px !important;\">Visione normale<\/h3>\n<img loading=\"lazy\" decoding=\"async\" class=\"aligncenter wp-image-3033 size-full\" src=\"https:\/\/www.studiomedicofanton.it\/wp-content\/uploads\/2022\/08\/studio-medico-fanton-visione-cataratta-dopo-dell-intervento.jpg\" alt=\"\" width=\"800\" height=\"600\" srcset=\"https:\/\/www.studiomedicofanton.it\/wp-content\/uploads\/2022\/08\/studio-medico-fanton-visione-cataratta-dopo-dell-intervento.jpg 800w, https:\/\/www.studiomedicofanton.it\/wp-content\/uploads\/2022\/08\/studio-medico-fanton-visione-cataratta-dopo-dell-intervento-300x225.jpg 300w, https:\/\/www.studiomedicofanton.it\/wp-content\/uploads\/2022\/08\/studio-medico-fanton-visione-cataratta-dopo-dell-intervento-768x576.jpg 768w\" sizes=\"auto, (max-width: 800px) 100vw, 800px\" \/><\/div>\n<\/div><\/div><\/div><div id=\"pgc-w62fb76dbdb5cc-0-3\"  class=\"panel-grid-cell panel-grid-cell-empty\" ><\/div><\/div><\/div><\/div><\/div><\/div><\/div><div id=\"pg-2203-4\"  class=\"panel-grid panel-no-style\" ><div id=\"pgc-2203-4-0\"  class=\"panel-grid-cell\" ><div id=\"panel-2203-4-0-0\" class=\"widget_text so-panel widget widget_custom_html panel-first-child panel-last-child\" data-index=\"6\" ><div class=\"textwidget custom-html-widget\"><div class=\"pag-servizio-wrapper\">\n\t<h2 class=\"pag-servizio-subtitile\">\n\t\tDiagnosi della cataratta: Quando e come viene diagnosticata la Cataratta?\n\t<\/h2>\n\t<p class=\"pag-servizio-text\">\n    La cataratta viene diagnosticata durante una visita oculistica specialistica, attraverso esami non invasivi come:\n\t<\/p>\n\t<div>\n\t\t<ul>\n    <li>valutazione del cristallino<\/li>\n    <li>test visivi<\/li>\n    <li>tonometria<\/li>\n    <li>oftalmoscopia<\/li>\n    <li>eventuale OCT del segmento anteriore<\/li>\n<\/ul>\n\t\t<\/div>\n\t<p class=\"pag-servizio-text\">\n    La diagnosi precoce consente di pianificare correttamente l\u2019intervento e prevenire forme avanzate difficili da gestire.\n\t<\/p>\n<\/div>\n<\/div><\/div><\/div><\/div><div id=\"pg-2203-5\"  class=\"panel-grid panel-no-style\" ><div id=\"pgc-2203-5-0\"  class=\"panel-grid-cell\" ><div id=\"panel-2203-5-0-0\" class=\"widget_text so-panel widget widget_custom_html panel-first-child panel-last-child\" data-index=\"7\" ><div class=\"textwidget custom-html-widget\"><div class=\"pag-servizio-wrapper\">\n\t<h2 class=\"pag-servizio-subtitile\">\n\t\tIntervento di cataratta: come funziona e cosa aspettarsi\n\t<\/h2>\n\t<p class=\"pag-servizio-text\">\n\t\tL\u2019unica terapia definitiva per la cataratta \u00e8 l\u2019intervento chirurgico, oggi considerato una procedura sicura, indolore, veloce (circa 20 minuti) e con recupero rapido. L\u2019operazione prevede la rimozione del cristallino opacizzato e la sua sostituzione con una lente intraoculare (IOL) biocompatibile, scelta in base alle caratteristiche individuali del paziente. L\u2019anestesia avviene tramite collirio e il paziente torna a casa lo stesso giorno.\n\t<\/p>\t\n<\/div><\/div><\/div><\/div><div id=\"pgc-2203-5-1\"  class=\"panel-grid-cell\" ><div id=\"panel-2203-5-1-0\" class=\"widget_text so-panel widget widget_custom_html panel-first-child panel-last-child\" data-index=\"8\" ><div class=\"textwidget custom-html-widget\"><img loading=\"lazy\" decoding=\"async\" class=\"aligncenter size-full\" src=\"https:\/\/www.studiomedicofanton.it\/wp-content\/uploads\/2022\/08\/studio-medico-fanton-catarattal-08-001.jpg\" alt=\"\" width=\"900\" height=\"600\" \/><\/div><\/div><\/div><\/div><div id=\"pg-2203-6\"  class=\"panel-grid panel-has-style\" ><div class=\"siteorigin-panels-stretch panel-row-style panel-row-style-for-2203-6\" data-stretch-type=\"full\" ><div id=\"pgc-2203-6-0\"  class=\"panel-grid-cell\" ><div id=\"panel-2203-6-0-0\" class=\"widget_text so-panel widget widget_custom_html panel-first-child panel-last-child\" data-index=\"9\" ><div class=\"textwidget custom-html-widget\"><div class=\"pag-servizio-wrapper\">\n\t<h2 class=\"pag-servizio-subtitile\">\n\t\tTipologie di lenti intraoculari (IOL)\n\t<\/h2>\n\t<h3 class=\"pag-servizio-subtitile\">\n\t\tChe cosa sono le lenti intraoculari?\n\t<\/h3>\n\t<p class=\"pag-servizio-text\">\n\t\tLa <b>lente intraoculare<\/b> (IOL) \u00e8 una <b><strong>piccola lente artificiale biocompatibile<\/strong><\/b> che sostituisce il cristallino affetto da cataratta. Tale lente non \u00e8 visibile dall\u2019esterno dell\u2019occhio ed \u00e8 impercettibile per chi la indossa. Esistono <b>diverse tipologie di lente intraoculare<\/b>, la cui scelta dipende dalle caratteristiche del nostro occhio a seconda delle necessit\u00e0. \n\t\t<br><br><b>La scelta della lente \u00e8 fondamentale per ottenere il miglior risultato visivo possibile.<\/b> Presso lo Studio Medico Fanton utilizziamo IOL di ultima generazione:\n\n\t<\/p>\n<\/div>\n<\/div><\/div><\/div><\/div><\/div><div id=\"pg-2203-7\"  class=\"panel-grid panel-has-style\" ><div class=\"siteorigin-panels-stretch panel-row-style panel-row-style-for-2203-7\" data-stretch-type=\"full\" ><div id=\"pgc-2203-7-0\"  class=\"panel-grid-cell\" ><div id=\"panel-2203-7-0-0\" class=\"widget_text so-panel widget widget_custom_html panel-first-child panel-last-child\" data-index=\"10\" ><div class=\"textwidget custom-html-widget\"><div class=\"pag-servizio-wrapper\">\n\t<h2 class=\"pag-servizio-subtitile centrato\">\n\t\tLenti monofocali\n\t<\/h2><hr \/>\n\t<p class=\"pag-servizio-text justify\">\n\t\tGarantiscono una visione nitida da lontano; richiedono occhiali per la lettura. Disponibili anche in versione torica per correggere l\u2019astigmatismo.\n\t<\/p>\n<\/div><\/div><\/div><\/div><div id=\"pgc-2203-7-1\"  class=\"panel-grid-cell\" ><div id=\"panel-2203-7-1-0\" class=\"widget_text so-panel widget widget_custom_html panel-first-child panel-last-child\" data-index=\"11\" ><div class=\"textwidget custom-html-widget\"><div class=\"pag-servizio-wrapper\">\n<h2 class=\"pag-servizio-subtitile centrato\">\n\t\tLenti multifocali\n\t<\/h2><hr \/>\n\t<p class=\"pag-servizio-text justify\">\nPermettono di vedere bene da vicino, a media distanza e da lontano, riducendo o eliminando gli occhiali. Disponibili anche in versione multifocale torica.\n\t<\/p>\n<\/div><\/div><\/div><\/div><div id=\"pgc-2203-7-2\"  class=\"panel-grid-cell\" ><div id=\"panel-2203-7-2-0\" class=\"widget_text so-panel widget widget_custom_html panel-first-child panel-last-child\" data-index=\"12\" ><div class=\"textwidget custom-html-widget\"><div class=\"pag-servizio-wrapper\">\n\t<h2 class=\"pag-servizio-subtitile centrato\">\n\t\tLenti EDOF \n\t<\/h2><hr\/>\n\t<h3>(Extended Depth of Focus)\n\t<\/h3><p class=\"pag-servizio-text\">\nOffrono un\u2019ampia profondit\u00e0 di campo e un\u2019ottima qualit\u00e0 visiva nelle attivit\u00e0 quotidiane, ideali per pazienti pi\u00f9 giovani e dinamici.\n\t<\/p>\n<\/div><\/div><\/div><\/div><\/div><\/div><div id=\"pg-2203-8\"  class=\"panel-grid panel-no-style\" ><div id=\"pgc-2203-8-0\"  class=\"panel-grid-cell\" ><div id=\"panel-2203-8-0-0\" class=\"widget_text so-panel widget widget_custom_html panel-first-child panel-last-child\" data-index=\"13\" ><div class=\"textwidget custom-html-widget\"><div class=\"pag-servizio-wrapper\">\n\t<h2 class=\"pag-servizio-subtitile\">\n\t\tChe cosa fare dopo l'intervento di Cataratta?\n\t<\/h2>\n\t<p class=\"pag-servizio-text\">\nPer un recupero ottimale si raccomanda:\t<\/p>\n\t<ul>\n    <li><strong>protezione dell\u2019occhio con occhiali da sole durante il giorno<\/strong><\/li>\n    <li><strong>uso di un guscio protettivo notturno<\/strong><\/li>\n    <li><strong>evitare alcol nelle prime 24 ore<\/strong><\/li>\n    <li><strong>non guidare per circa una settimana<\/strong><\/li>\n    <li><strong>seguire la terapia prescritta dall\u2019oculista<\/strong><\/li>\n<\/ul>\n\t<p>Un foglio con tutte le indicazioni dettagliate viene consegnato al momento della dimissione.<\/p>\n<\/div>\n<\/div><\/div><\/div><\/div><div id=\"pg-2203-9\"  class=\"panel-grid panel-no-style\" ><div id=\"pgc-2203-9-0\"  class=\"panel-grid-cell\" ><div id=\"panel-2203-9-0-0\" class=\"widget_text so-panel widget widget_custom_html panel-first-child panel-last-child\" data-index=\"14\" ><div class=\"textwidget custom-html-widget\"><div class=\"pag-servizio-wrapper\">\n\t<h2 class=\"pag-servizio-subtitile\">\n\t\tCome si vede dopo l\u2019intervento di cataratta?\n\t<\/h2>\n\t<p class=\"pag-servizio-text\">\n\t\tDopo l\u2019intervento di cataratta \u00e8 possibile <b>recuperare una vista ottimale senza porto di correzione<\/b>. Questo \u00e8 possibile perch\u00e9 le lenti artificiali inserite permettono, non solo di risolvere la cataratta, ma anche di correggere l\u2019eventuale compresenza di miopia, astigmatismo, ipermetropia e\/o presbiopia. Se per esempio fin da piccoli abbiamo indossato gli occhiali o le lenti perch\u00e9 non vedevamo da lontano, grazie alla nuova lente inserita noi potremmo <strong> eliminare completamente gli occhiali.\n<\/strong>.\n\t<\/p>\t\n<\/div><\/div><\/div><\/div><div id=\"pgc-2203-9-1\"  class=\"panel-grid-cell\" ><div id=\"panel-2203-9-1-0\" class=\"widget_text so-panel widget widget_custom_html panel-first-child panel-last-child\" data-index=\"15\" ><div class=\"textwidget custom-html-widget\"><img loading=\"lazy\" decoding=\"async\" class=\"aligncenter size-full\" src=\"https:\/\/www.studiomedicofanton.it\/wp-content\/uploads\/2022\/08\/studio-medico-fanton-cataratta-08-002.jpg\" alt=\"\" width=\"900\" height=\"600\" \/><\/div><\/div><\/div><\/div><div id=\"pg-2203-10\"  class=\"panel-grid panel-has-style\" ><div class=\"siteorigin-panels-stretch panel-row-style panel-row-style-for-2203-10\" data-stretch-type=\"full\" ><div id=\"pgc-2203-10-0\"  class=\"panel-grid-cell\" ><div id=\"panel-2203-10-0-0\" class=\"widget_text so-panel widget widget_custom_html panel-first-child panel-last-child\" data-index=\"16\" ><div class=\"textwidget custom-html-widget\"><div class=\"pag-servizio-wrapper\">\n\t<h2 class=\"pag-servizio-subtitile centrato\">\n\t\tCosa succede se non ti operi di cataratta?\n\t<\/h2>\n\t<p class=\"pag-servizio-text\">\n\t\tUna cataratta non trattata pu\u00f2 evolvere fino a compromettere gravemente la vista, fino all\u2019ipovisione severa o quasi cecit\u00e0.\nLe forme avanzate, come la cataratta brunescente, rendono l\u2019intervento pi\u00f9 complesso e il recupero pi\u00f9 lento.\nIntervenire per tempo riduce rischi e migliora la qualit\u00e0 del risultato.\n\n\t<\/p>\n<\/div><\/div><\/div><\/div><\/div><\/div><div id=\"pg-2203-11\"  class=\"panel-grid panel-has-style\" ><div class=\"siteorigin-panels-stretch panel-row-style panel-row-style-for-2203-11\" data-stretch-type=\"full\" ><div id=\"pgc-2203-11-0\"  class=\"panel-grid-cell\" ><div id=\"panel-2203-11-0-0\" class=\"widget_text so-panel widget widget_custom_html panel-first-child panel-last-child\" data-index=\"17\" ><div class=\"textwidget custom-html-widget\"><div class=\"sezione-prenotazione-text justify\">\n\t<h3>\n\t\tL\u2019importanza di una visita oculistica\n\t<\/h3>\n<p>\nUna visita specialistica permette di confermare la diagnosi, valutare lo stadio della cataratta, scegliere il tipo di lente pi\u00f9 adatto e programmare l\u2019intervento con sicurezza.\n<\/p>\n<\/div>\n<div class=\"centrato\" style=\"margin-top:50px;\">\n\t<a class=\"mh-button-visit-form\" href=\"tel:+3901522979\">Prenota la tua visita oculistica<\/a>\n<\/div>\n<\/div><\/div><\/div><div id=\"pgc-2203-11-1\"  class=\"panel-grid-cell\" ><div id=\"panel-2203-11-1-0\" class=\"widget_text so-panel widget widget_custom_html panel-first-child panel-last-child\" data-index=\"18\" ><div class=\"textwidget custom-html-widget\"><div class=\"container-form centrato\">\n\t\n<div class=\"wpcf7 no-js\" id=\"wpcf7-f4-o1\" lang=\"it-IT\" dir=\"ltr\" data-wpcf7-id=\"4\">\n<div class=\"screen-reader-response\"><p role=\"status\" aria-live=\"polite\" aria-atomic=\"true\"><\/p> <ul><\/ul><\/div>\n<form action=\"\/it\/wp-json\/wp\/v2\/pages\/2203#wpcf7-f4-o1\" method=\"post\" class=\"wpcf7-form init\" aria-label=\"Modulo di contatto\" novalidate=\"novalidate\" data-status=\"init\">\n<fieldset class=\"hidden-fields-container\"><input type=\"hidden\" name=\"_wpcf7\" value=\"4\" \/><input type=\"hidden\" name=\"_wpcf7_version\" value=\"6.1.5\" \/><input type=\"hidden\" name=\"_wpcf7_locale\" value=\"it_IT\" \/><input type=\"hidden\" name=\"_wpcf7_unit_tag\" value=\"wpcf7-f4-o1\" \/><input type=\"hidden\" name=\"_wpcf7_container_post\" value=\"0\" \/><input type=\"hidden\" name=\"_wpcf7_posted_data_hash\" value=\"\" \/>\n<\/fieldset>\n<div class=\"wpcf7-turnstile cf-turnstile\" data-sitekey=\"0x4AAAAAABs1d-jl9c7nQQX9\" data-response-field-name=\"_wpcf7_turnstile_response\"><\/div>\n\n<p><span class=\"wpcf7-form-control-wrap\" data-name=\"your-name\"><input size=\"40\" maxlength=\"400\" class=\"wpcf7-form-control wpcf7-text wpcf7-validates-as-required\" aria-required=\"true\" aria-invalid=\"false\" placeholder=\"Nome e Cognome*\" value=\"\" type=\"text\" name=\"your-name\" \/><\/span>\n<\/p>\n<p><span class=\"wpcf7-form-control-wrap\" data-name=\"your-email\"><input size=\"40\" maxlength=\"400\" class=\"wpcf7-form-control wpcf7-email wpcf7-validates-as-required wpcf7-text wpcf7-validates-as-email\" aria-required=\"true\" aria-invalid=\"false\" placeholder=\"Email*\" value=\"\" type=\"email\" name=\"your-email\" \/><\/span>\n<\/p>\n<p><span class=\"wpcf7-form-control-wrap\" data-name=\"your-phone\"><input size=\"40\" maxlength=\"400\" class=\"wpcf7-form-control wpcf7-text\" aria-invalid=\"false\" placeholder=\"Numero di Telefono\" value=\"\" type=\"text\" name=\"your-phone\" \/><\/span>\n<\/p>\n<p><span class=\"wpcf7-form-control-wrap\" data-name=\"your-message\"><textarea cols=\"40\" rows=\"2\" maxlength=\"2000\" class=\"wpcf7-form-control wpcf7-textarea wpcf7-validates-as-required\" aria-required=\"true\" aria-invalid=\"false\" placeholder=\"Messaggio*\" name=\"your-message\"><\/textarea><\/span>\n<\/p>\n<div style=\"font-size:0.9em !important;margin-bottom: 10px;color:#5b779d;\" >\n\t<p><span class=\"wpcf7-form-control-wrap\" data-name=\"acceptance-privacy\"><span class=\"wpcf7-form-control wpcf7-acceptance\"><span class=\"wpcf7-list-item\"><label><input type=\"checkbox\" name=\"acceptance-privacy\" value=\"1\" aria-invalid=\"false\" \/><span class=\"wpcf7-list-item-label\">- Acconsento al trattamento dei miei dati personali in accordo con la pi\u00f9 recente <a href=\"https:\/\/www.studiomedicofanton.it\/it\/privacy-policy\/\" target=\"_blank\" style=\"font-size:0.9em;color:#5b779d70;\" >Privacy Policy<\/a><\/span><\/label><\/span><\/span><\/span>\n\t<\/p>\n<\/div>\n<p><input class=\"wpcf7-form-control wpcf7-submit has-spinner\" type=\"submit\" value=\"Invia\" \/>\n<\/p><div class=\"wpcf7-response-output\" aria-hidden=\"true\"><\/div>\n<\/form>\n<\/div>\n\n<\/div>\n<\/div><\/div><\/div><\/div><\/div><\/div>","protected":false},"excerpt":{"rendered":"<p>La cataratta \u00e8 una delle patologie oculari pi\u00f9 diffuse dopo i 60 anni e consiste nella progressiva opacizzazione del cristallino, la lente naturale che permette la messa a fuoco. Con&hellip;<\/p>\n","protected":false},"author":1,"featured_media":0,"parent":0,"menu_order":20,"comment_status":"closed","ping_status":"closed","template":"","meta":{"footnotes":""},"class_list":["post-2203","page","type-page","status-publish","hentry","post"],"yoast_head":"<!-- This site is optimized with the Yoast SEO plugin v27.2 - https:\/\/yoast.com\/product\/yoast-seo-wordpress\/ -->\n<title>Chirurgia della cataratta indolore<\/title>\n<meta name=\"description\" content=\"Recupera una vista nitida con la chirurgia della cataratta. Intervento rapido, indolore e personalizzato con lenti intraoculari avanzate. Prenota la tua visita.\" \/>\n<meta name=\"robots\" content=\"index, follow, max-snippet:-1, max-image-preview:large, max-video-preview:-1\" \/>\n<link rel=\"canonical\" href=\"https:\/\/www.studiomedicofanton.it\/it\/cataratta\/\" \/>\n<meta property=\"og:locale\" content=\"it_IT\" \/>\n<meta property=\"og:type\" content=\"article\" \/>\n<meta property=\"og:title\" content=\"Chirurgia della cataratta indolore\" \/>\n<meta property=\"og:description\" content=\"Recupera una vista nitida con la chirurgia della cataratta. Intervento rapido, indolore e personalizzato con lenti intraoculari avanzate. Prenota la tua visita.\" \/>\n<meta property=\"og:url\" content=\"https:\/\/www.studiomedicofanton.it\/it\/cataratta\/\" \/>\n<meta property=\"og:site_name\" content=\"Studio Medico Fanton\" \/>\n<meta property=\"article:modified_time\" content=\"2025-12-05T08:29:55+00:00\" \/>\n<meta property=\"og:image\" content=\"https:\/\/www.studiomedicofanton.it\/wp-content\/uploads\/2022\/08\/studio-medico-fanton-cataratta-prima-dell-intervento.jpg\" \/>\n<meta name=\"twitter:card\" content=\"summary_large_image\" \/>\n<meta name=\"twitter:label1\" content=\"Tempo di lettura stimato\" \/>\n\t<meta name=\"twitter:data1\" content=\"5 minuti\" \/>\n<script type=\"application\/ld+json\" class=\"yoast-schema-graph\">{\"@context\":\"https:\/\/schema.org\",\"@graph\":[{\"@type\":\"WebPage\",\"@id\":\"https:\/\/www.studiomedicofanton.it\/it\/cataratta\/\",\"url\":\"https:\/\/www.studiomedicofanton.it\/it\/cataratta\/\",\"name\":\"Chirurgia della cataratta indolore\",\"isPartOf\":{\"@id\":\"https:\/\/www.studiomedicofanton.it\/it\/#website\"},\"primaryImageOfPage\":{\"@id\":\"https:\/\/www.studiomedicofanton.it\/it\/cataratta\/#primaryimage\"},\"image\":{\"@id\":\"https:\/\/www.studiomedicofanton.it\/it\/cataratta\/#primaryimage\"},\"thumbnailUrl\":\"https:\/\/www.studiomedicofanton.it\/wp-content\/uploads\/2022\/08\/studio-medico-fanton-cataratta-prima-dell-intervento.jpg\",\"datePublished\":\"2021-10-11T14:11:33+00:00\",\"dateModified\":\"2025-12-05T08:29:55+00:00\",\"description\":\"Recupera una vista nitida con la chirurgia della cataratta. Intervento rapido, indolore e personalizzato con lenti intraoculari avanzate. Prenota la tua visita.\",\"breadcrumb\":{\"@id\":\"https:\/\/www.studiomedicofanton.it\/it\/cataratta\/#breadcrumb\"},\"inLanguage\":\"it-IT\",\"potentialAction\":[{\"@type\":\"ReadAction\",\"target\":[\"https:\/\/www.studiomedicofanton.it\/it\/cataratta\/\"]}]},{\"@type\":\"ImageObject\",\"inLanguage\":\"it-IT\",\"@id\":\"https:\/\/www.studiomedicofanton.it\/it\/cataratta\/#primaryimage\",\"url\":\"https:\/\/www.studiomedicofanton.it\/wp-content\/uploads\/2022\/08\/studio-medico-fanton-cataratta-prima-dell-intervento.jpg\",\"contentUrl\":\"https:\/\/www.studiomedicofanton.it\/wp-content\/uploads\/2022\/08\/studio-medico-fanton-cataratta-prima-dell-intervento.jpg\"},{\"@type\":\"BreadcrumbList\",\"@id\":\"https:\/\/www.studiomedicofanton.it\/it\/cataratta\/#breadcrumb\",\"itemListElement\":[{\"@type\":\"ListItem\",\"position\":1,\"name\":\"Home\",\"item\":\"https:\/\/www.studiomedicofanton.it\/it\/\"},{\"@type\":\"ListItem\",\"position\":2,\"name\":\"Cataratta\"}]},{\"@type\":\"WebSite\",\"@id\":\"https:\/\/www.studiomedicofanton.it\/it\/#website\",\"url\":\"https:\/\/www.studiomedicofanton.it\/it\/\",\"name\":\"Studio Medico Fanton\",\"description\":\"Biella Torino Lugano -  I Vostri Occhi, la Nostra Passione\",\"alternateName\":\"Studio Fanton\",\"potentialAction\":[{\"@type\":\"SearchAction\",\"target\":{\"@type\":\"EntryPoint\",\"urlTemplate\":\"https:\/\/www.studiomedicofanton.it\/it\/?s={search_term_string}\"},\"query-input\":{\"@type\":\"PropertyValueSpecification\",\"valueRequired\":true,\"valueName\":\"search_term_string\"}}],\"inLanguage\":\"it-IT\"}]}<\/script>\n<!-- \/ Yoast SEO plugin. -->","yoast_head_json":{"title":"Chirurgia della cataratta indolore","description":"Recupera una vista nitida con la chirurgia della cataratta. Intervento rapido, indolore e personalizzato con lenti intraoculari avanzate. Prenota la tua visita.","robots":{"index":"index","follow":"follow","max-snippet":"max-snippet:-1","max-image-preview":"max-image-preview:large","max-video-preview":"max-video-preview:-1"},"canonical":"https:\/\/www.studiomedicofanton.it\/it\/cataratta\/","og_locale":"it_IT","og_type":"article","og_title":"Chirurgia della cataratta indolore","og_description":"Recupera una vista nitida con la chirurgia della cataratta. Intervento rapido, indolore e personalizzato con lenti intraoculari avanzate. Prenota la tua visita.","og_url":"https:\/\/www.studiomedicofanton.it\/it\/cataratta\/","og_site_name":"Studio Medico Fanton","article_modified_time":"2025-12-05T08:29:55+00:00","og_image":[{"url":"https:\/\/www.studiomedicofanton.it\/wp-content\/uploads\/2022\/08\/studio-medico-fanton-cataratta-prima-dell-intervento.jpg","type":"","width":"","height":""}],"twitter_card":"summary_large_image","twitter_misc":{"Tempo di lettura stimato":"5 minuti"},"schema":{"@context":"https:\/\/schema.org","@graph":[{"@type":"WebPage","@id":"https:\/\/www.studiomedicofanton.it\/it\/cataratta\/","url":"https:\/\/www.studiomedicofanton.it\/it\/cataratta\/","name":"Chirurgia della cataratta indolore","isPartOf":{"@id":"https:\/\/www.studiomedicofanton.it\/it\/#website"},"primaryImageOfPage":{"@id":"https:\/\/www.studiomedicofanton.it\/it\/cataratta\/#primaryimage"},"image":{"@id":"https:\/\/www.studiomedicofanton.it\/it\/cataratta\/#primaryimage"},"thumbnailUrl":"https:\/\/www.studiomedicofanton.it\/wp-content\/uploads\/2022\/08\/studio-medico-fanton-cataratta-prima-dell-intervento.jpg","datePublished":"2021-10-11T14:11:33+00:00","dateModified":"2025-12-05T08:29:55+00:00","description":"Recupera una vista nitida con la chirurgia della cataratta. Intervento rapido, indolore e personalizzato con lenti intraoculari avanzate. Prenota la tua visita.","breadcrumb":{"@id":"https:\/\/www.studiomedicofanton.it\/it\/cataratta\/#breadcrumb"},"inLanguage":"it-IT","potentialAction":[{"@type":"ReadAction","target":["https:\/\/www.studiomedicofanton.it\/it\/cataratta\/"]}]},{"@type":"ImageObject","inLanguage":"it-IT","@id":"https:\/\/www.studiomedicofanton.it\/it\/cataratta\/#primaryimage","url":"https:\/\/www.studiomedicofanton.it\/wp-content\/uploads\/2022\/08\/studio-medico-fanton-cataratta-prima-dell-intervento.jpg","contentUrl":"https:\/\/www.studiomedicofanton.it\/wp-content\/uploads\/2022\/08\/studio-medico-fanton-cataratta-prima-dell-intervento.jpg"},{"@type":"BreadcrumbList","@id":"https:\/\/www.studiomedicofanton.it\/it\/cataratta\/#breadcrumb","itemListElement":[{"@type":"ListItem","position":1,"name":"Home","item":"https:\/\/www.studiomedicofanton.it\/it\/"},{"@type":"ListItem","position":2,"name":"Cataratta"}]},{"@type":"WebSite","@id":"https:\/\/www.studiomedicofanton.it\/it\/#website","url":"https:\/\/www.studiomedicofanton.it\/it\/","name":"Studio Medico Fanton","description":"Biella Torino Lugano -  I Vostri Occhi, la Nostra Passione","alternateName":"Studio Fanton","potentialAction":[{"@type":"SearchAction","target":{"@type":"EntryPoint","urlTemplate":"https:\/\/www.studiomedicofanton.it\/it\/?s={search_term_string}"},"query-input":{"@type":"PropertyValueSpecification","valueRequired":true,"valueName":"search_term_string"}}],"inLanguage":"it-IT"}]}},"_links":{"self":[{"href":"https:\/\/www.studiomedicofanton.it\/it\/wp-json\/wp\/v2\/pages\/2203","targetHints":{"allow":["GET"]}}],"collection":[{"href":"https:\/\/www.studiomedicofanton.it\/it\/wp-json\/wp\/v2\/pages"}],"about":[{"href":"https:\/\/www.studiomedicofanton.it\/it\/wp-json\/wp\/v2\/types\/page"}],"author":[{"embeddable":true,"href":"https:\/\/www.studiomedicofanton.it\/it\/wp-json\/wp\/v2\/users\/1"}],"replies":[{"embeddable":true,"href":"https:\/\/www.studiomedicofanton.it\/it\/wp-json\/wp\/v2\/comments?post=2203"}],"version-history":[{"count":17,"href":"https:\/\/www.studiomedicofanton.it\/it\/wp-json\/wp\/v2\/pages\/2203\/revisions"}],"predecessor-version":[{"id":3224,"href":"https:\/\/www.studiomedicofanton.it\/it\/wp-json\/wp\/v2\/pages\/2203\/revisions\/3224"}],"wp:attachment":[{"href":"https:\/\/www.studiomedicofanton.it\/it\/wp-json\/wp\/v2\/media?parent=2203"}],"curies":[{"name":"wp","href":"https:\/\/api.w.org\/{rel}","templated":true}]}}